{"id":1483,"date":"2020-09-03T17:12:26","date_gmt":"2020-09-03T15:12:26","guid":{"rendered":"http:\/\/armatis-carrieres.noprod-lampeu.brainsonic.com\/?post_type=secteur&#038;p=1259"},"modified":"2021-01-18T14:10:19","modified_gmt":"2021-01-18T13:10:19","slug":"setor-publico","status":"publish","type":"secteur","link":"https:\/\/emploi.armatis.com\/pt-pt\/secteur\/setor-publico\/","title":{"rendered":"Setor p\u00fablico"},"content":{"rendered":"","protected":false},"featured_media":0,"template":"","class_list":["post-1483","secteur","type-secteur","status-publish","hentry"],"acf":{"couleur":"","video_secteurs":{"video_id_secteur":"","titre_video_secteur":"","intro_video_secteur":""},"hero_secteur":{"titre_secteur":"Setor p\u00fablico","description_secteur":"<p>Como pilar da nossa sociedade, este setor acompanha os cidad\u00e3os ao longo das suas vidas.\u00a0 As administra\u00e7\u00f5es inovam e adaptam-se continuamente aos desenvolvimentos sociais e tecnol\u00f3gicos.<\/p>\n<p>O desafio de hoje \u00e9 personalizar as rela\u00e7\u00f5es, a fim de proporcionar a cada cidad\u00e3o uma aten\u00e7\u00e3o especial e uma resposta adequada \u00e0 sua situa\u00e7\u00e3o.<\/p>\n","citation_secteur":"<p>E se o apoio administrativo e personalizado for o teu pr\u00f3ximo desafio profissional ?<\/p>\n","photo_secteur":"https:\/\/emploi.armatis.com\/wp-content\/uploads\/2020\/08\/img7-1.png"},"tabs_secteur":[{"tabs_title_secteur":"Informa\u00e7\u00e3o - Orienta\u00e7\u00e3o","tabs_subtitle_secteur":"Informa\u00e7\u00e3o - Orienta\u00e7\u00e3o","tabs_description_secteur":"Prestamos informa\u00e7\u00e3o sobre direitos e legisla\u00e7\u00e3o em vigor, orientamos e acompanhamos os cidad\u00e3os nos aspetos administrativos, familiares, fiscais, sociais..."},{"tabs_title_secteur":"Gest\u00e3o de processos - Assist\u00eancia ","tabs_subtitle_secteur":"Gest\u00e3o de processos - Assist\u00eancia","tabs_description_secteur":"Fazemos o acompanhamento na gest\u00e3o dos processos e prestamos uma especial aten\u00e7\u00e3o \u00e0s pessoas em situa\u00e7\u00f5es de precariedade ou menos familiarizadas com solu\u00e7\u00f5es digitais."},{"tabs_title_secteur":"Redes sociais \u2013 Acessibilidade a todos","tabs_subtitle_secteur":"Redes sociais \u2013 Acessibilidade a todos","tabs_description_secteur":"Al\u00e9m de gerir as rela\u00e7\u00f5es com os cidad\u00e3os nas redes sociais, adaptamos os nossos m\u00e9todos de contacto de modo a privilegiar um n\u00edvel de servi\u00e7o adaptado a cada um dos nossos clientes."},{"tabs_title_secteur":"Avalia\u00e7\u00e3o e satisfa\u00e7\u00e3o dos utilizadores","tabs_subtitle_secteur":"Avalia\u00e7\u00e3o e satisfa\u00e7\u00e3o dos utilizadores","tabs_description_secteur":"Medimos e analisamos a satisfa\u00e7\u00e3o, apresentamos propostas de melhoria dos  processos como forma de promover um servi\u00e7o inovador."}]},"yoast_head":"<!-- This site is optimized with the Yoast SEO plugin v26.1.1 - https:\/\/yoast.com\/wordpress\/plugins\/seo\/ -->\n<title>Setor p\u00fablico - Armatis<\/title>\n<meta name=\"robots\" content=\"index, follow, max-snippet:-1, max-image-preview:large, max-video-preview:-1\" \/>\n<link rel=\"canonical\" href=\"https:\/\/emploi.armatis.com\/pt-pt\/secteur\/setor-publico\/\" \/>\n<meta property=\"og:locale\" content=\"pt_PT\" \/>\n<meta property=\"og:type\" content=\"article\" \/>\n<meta property=\"og:title\" content=\"Setor p\u00fablico - Armatis\" \/>\n<meta property=\"og:url\" content=\"https:\/\/emploi.armatis.com\/pt-pt\/secteur\/setor-publico\/\" \/>\n<meta property=\"og:site_name\" content=\"Armatis\" \/>\n<meta property=\"article:modified_time\" content=\"2021-01-18T13:10:19+00:00\" \/>\n<meta name=\"twitter:card\" content=\"summary_large_image\" \/>\n<script type=\"application\/ld+json\" class=\"yoast-schema-graph\">{\"@context\":\"https:\/\/schema.org\",\"@graph\":[{\"@type\":\"WebPage\",\"@id\":\"https:\/\/emploi.armatis.com\/pt-pt\/secteur\/setor-publico\/\",\"url\":\"https:\/\/emploi.armatis.com\/pt-pt\/secteur\/setor-publico\/\",\"name\":\"Setor p\u00fablico - Armatis\",\"isPartOf\":{\"@id\":\"https:\/\/emploi.armatis.com\/pt-pt\/#website\"},\"datePublished\":\"2020-09-03T15:12:26+00:00\",\"dateModified\":\"2021-01-18T13:10:19+00:00\",\"breadcrumb\":{\"@id\":\"https:\/\/emploi.armatis.com\/pt-pt\/secteur\/setor-publico\/#breadcrumb\"},\"inLanguage\":\"pt-PT\",\"potentialAction\":[{\"@type\":\"ReadAction\",\"target\":[\"https:\/\/emploi.armatis.com\/pt-pt\/secteur\/setor-publico\/\"]}]},{\"@type\":\"BreadcrumbList\",\"@id\":\"https:\/\/emploi.armatis.com\/pt-pt\/secteur\/setor-publico\/#breadcrumb\",\"itemListElement\":[{\"@type\":\"ListItem\",\"position\":1,\"name\":\"Home\",\"item\":\"https:\/\/emploi.armatis.com\/pt-pt\/\"},{\"@type\":\"ListItem\",\"position\":2,\"name\":\"Setor p\u00fablico\"}]},{\"@type\":\"WebSite\",\"@id\":\"https:\/\/emploi.armatis.com\/pt-pt\/#website\",\"url\":\"https:\/\/emploi.armatis.com\/pt-pt\/\",\"name\":\"Armatis\",\"description\":\"\",\"publisher\":{\"@id\":\"https:\/\/emploi.armatis.com\/pt-pt\/#organization\"},\"potentialAction\":[{\"@type\":\"SearchAction\",\"target\":{\"@type\":\"EntryPoint\",\"urlTemplate\":\"https:\/\/emploi.armatis.com\/pt-pt\/?s={search_term_string}\"},\"query-input\":{\"@type\":\"PropertyValueSpecification\",\"valueRequired\":true,\"valueName\":\"search_term_string\"}}],\"inLanguage\":\"pt-PT\"},{\"@type\":\"Organization\",\"@id\":\"https:\/\/emploi.armatis.com\/pt-pt\/#organization\",\"name\":\"Armatis\",\"url\":\"https:\/\/emploi.armatis.com\/pt-pt\/\",\"logo\":{\"@type\":\"ImageObject\",\"inLanguage\":\"pt-PT\",\"@id\":\"https:\/\/emploi.armatis.com\/pt-pt\/#\/schema\/logo\/image\/\",\"url\":\"https:\/\/emploi.armatis.com\/wp-content\/uploads\/2025\/07\/cropped-Logo-Armatis-ss-Baseline-Blanc-point-aqua-Copie-scaled-1.png\",\"contentUrl\":\"https:\/\/emploi.armatis.com\/wp-content\/uploads\/2025\/07\/cropped-Logo-Armatis-ss-Baseline-Blanc-point-aqua-Copie-scaled-1.png\",\"width\":2560,\"height\":393,\"caption\":\"Armatis\"},\"image\":{\"@id\":\"https:\/\/emploi.armatis.com\/pt-pt\/#\/schema\/logo\/image\/\"}}]}<\/script>\n<!-- \/ Yoast SEO plugin. -->","yoast_head_json":{"title":"Setor p\u00fablico - Armatis","robots":{"index":"index","follow":"follow","max-snippet":"max-snippet:-1","max-image-preview":"max-image-preview:large","max-video-preview":"max-video-preview:-1"},"canonical":"https:\/\/emploi.armatis.com\/pt-pt\/secteur\/setor-publico\/","og_locale":"pt_PT","og_type":"article","og_title":"Setor p\u00fablico - Armatis","og_url":"https:\/\/emploi.armatis.com\/pt-pt\/secteur\/setor-publico\/","og_site_name":"Armatis","article_modified_time":"2021-01-18T13:10:19+00:00","twitter_card":"summary_large_image","schema":{"@context":"https:\/\/schema.org","@graph":[{"@type":"WebPage","@id":"https:\/\/emploi.armatis.com\/pt-pt\/secteur\/setor-publico\/","url":"https:\/\/emploi.armatis.com\/pt-pt\/secteur\/setor-publico\/","name":"Setor p\u00fablico - Armatis","isPartOf":{"@id":"https:\/\/emploi.armatis.com\/pt-pt\/#website"},"datePublished":"2020-09-03T15:12:26+00:00","dateModified":"2021-01-18T13:10:19+00:00","breadcrumb":{"@id":"https:\/\/emploi.armatis.com\/pt-pt\/secteur\/setor-publico\/#breadcrumb"},"inLanguage":"pt-PT","potentialAction":[{"@type":"ReadAction","target":["https:\/\/emploi.armatis.com\/pt-pt\/secteur\/setor-publico\/"]}]},{"@type":"BreadcrumbList","@id":"https:\/\/emploi.armatis.com\/pt-pt\/secteur\/setor-publico\/#breadcrumb","itemListElement":[{"@type":"ListItem","position":1,"name":"Home","item":"https:\/\/emploi.armatis.com\/pt-pt\/"},{"@type":"ListItem","position":2,"name":"Setor p\u00fablico"}]},{"@type":"WebSite","@id":"https:\/\/emploi.armatis.com\/pt-pt\/#website","url":"https:\/\/emploi.armatis.com\/pt-pt\/","name":"Armatis","description":"","publisher":{"@id":"https:\/\/emploi.armatis.com\/pt-pt\/#organization"},"potentialAction":[{"@type":"SearchAction","target":{"@type":"EntryPoint","urlTemplate":"https:\/\/emploi.armatis.com\/pt-pt\/?s={search_term_string}"},"query-input":{"@type":"PropertyValueSpecification","valueRequired":true,"valueName":"search_term_string"}}],"inLanguage":"pt-PT"},{"@type":"Organization","@id":"https:\/\/emploi.armatis.com\/pt-pt\/#organization","name":"Armatis","url":"https:\/\/emploi.armatis.com\/pt-pt\/","logo":{"@type":"ImageObject","inLanguage":"pt-PT","@id":"https:\/\/emploi.armatis.com\/pt-pt\/#\/schema\/logo\/image\/","url":"https:\/\/emploi.armatis.com\/wp-content\/uploads\/2025\/07\/cropped-Logo-Armatis-ss-Baseline-Blanc-point-aqua-Copie-scaled-1.png","contentUrl":"https:\/\/emploi.armatis.com\/wp-content\/uploads\/2025\/07\/cropped-Logo-Armatis-ss-Baseline-Blanc-point-aqua-Copie-scaled-1.png","width":2560,"height":393,"caption":"Armatis"},"image":{"@id":"https:\/\/emploi.armatis.com\/pt-pt\/#\/schema\/logo\/image\/"}}]}},"_links":{"self":[{"href":"https:\/\/emploi.armatis.com\/pt-pt\/wp-json\/wp\/v2\/secteur\/1483","targetHints":{"allow":["GET"]}}],"collection":[{"href":"https:\/\/emploi.armatis.com\/pt-pt\/wp-json\/wp\/v2\/secteur"}],"about":[{"href":"https:\/\/emploi.armatis.com\/pt-pt\/wp-json\/wp\/v2\/types\/secteur"}],"wp:attachment":[{"href":"https:\/\/emploi.armatis.com\/pt-pt\/wp-json\/wp\/v2\/media?parent=1483"}],"curies":[{"name":"wp","href":"https:\/\/api.w.org\/{rel}","templated":true}]}}