{"id":1057,"date":"2020-10-20T17:11:39","date_gmt":"2020-10-20T15:11:39","guid":{"rendered":"https:\/\/emploi.armatis.com\/?page_id=1057"},"modified":"2020-12-15T11:36:16","modified_gmt":"2020-12-15T10:36:16","slug":"klikajac-aplikuj-wyrazasz-zgode-na-przetwarzenie-danych-osobowych","status":"publish","type":"page","link":"https:\/\/emploi.armatis.com\/pl\/klikajac-aplikuj-wyrazasz-zgode-na-przetwarzenie-danych-osobowych\/","title":{"rendered":"Klikaj\u0105c &#8222;Aplikuj&#8221; wyra\u017casz zgod\u0119 na przetwarzenie danych osobowych"},"content":{"rendered":"<p>&nbsp;<\/p>\n<p>&nbsp;<\/p>\n<p style=\"text-align: center;\">Aplikuj\u0105c na stanowisko:<\/p>\n<p style=\"text-align: center;\">Wyra\u017casz zgod\u0119 na przetwarzanie przez Armatis LC Polska Sp. z o. o. z siedzib\u0105 w Warszawie (02-677) przy ul. Cybernetyki 9 \u00a0danych osobowych zawartych w dokumentach aplikacyjnych w zakresie przekraczaj\u0105cym zakres okre\u015blony w przepisach prawa (art. 22 <sup>1<\/sup> \u00a7 1 ustawy z dnia 26 czerwca 1974 r. Kodeks Pracy) w celu udzia\u0142u w rekrutacji.<\/p>\n<p style=\"text-align: center;\">Wyra\u017casz zgod\u0119 na przetwarzanie przez przez Armatis LC Polska Sp. z o. o. z siedzib\u0105<br \/>\nw Warszawie (02-677) przy ul. Cybernetyki 9 danych osobowych zawartych w dokumentach aplikacyjnych\u00a0w celu udzia\u0142u w przysz\u0142ych procesach rekrutacji.<\/p>\n<p style=\"text-align: center;\">Zgodnie z art. 13 oraz art. 14\u00a0 rozporz\u0105dzenia Parlamentu Europejskiego i Rady (UE) 2016\/679 z dnia 27 kwietnia 2016 r. w sprawie ochrony os\u00f3b fizycznych w zwi\u0105zku z przetwarzaniem danych osobowych i w sprawie swobodnego przep\u0142ywu takich danych oraz uchylenia dyrektywy 95\/46\/WE (og\u00f3lne rozporz\u0105dzenie o ochronie danych) (Dz.U.UE.L.2016.119.1) \u2013 dalej RODO informuj\u0119, \u017ce:<\/p>\n<p style=\"text-align: center;\">Administratorem danych osobowych jest Armatis LC Polska Sp. z o. o. z siedzib\u0105 w Warszawie (02-677) przy ul. Cybernetyki 9 wpisana do rejestru przedsi\u0119biorc\u00f3w prowadzonego przez S\u0105d Rejonowy dla m. st. Warszawy w Warszawie, XIII Wydzia\u0142 Gospodarczy Krajowego Rejestru S\u0105dowego pod numerem KRS 0000329231.<\/p>\n<p style=\"text-align: center;\">We wszystkich sprawach zwi\u0105zanych z przetwarzaniem danych osobowych prosimy o kontakt poprzez e-mail: iod@armatis-lc.com lub pisemnie na adres siedziby Administratora.<\/p>\n<p style=\"text-align: center;\">Dane osobowe przetwarzane s\u0105 w celu:<\/p>\n<ul style=\"text-align: center;\">\n<li>prowadzenia obecnej rekrutacji (art 6 ust. 1 lit. c RODO). Przetwarzanie danych nast\u0119puje na podstawie przepisu prawa (art. 22 <sup>2 <\/sup> 1 Kodeksu Pracy &#8211; w zakresie danych osobowych wskazanych w Kodeksie Pracy, w pozosta\u0142ym zakresie przetwarzanie danych osobowych nast\u0119puje na podstawie art 6 ust. 1 lit. a RODO tj. na podstawie zgody).<\/li>\n<li>przysz\u0142ych procedur rekrutacji (art 6 ust. 1 lit. a RODO). Przetwarzanie danych nast\u0119puje na podstawie zgody.<\/li>\n<li>podj\u0119cia innych czynno\u015bci niezb\u0119dnych do zawarcia umowy, na Pa\u0144stwa \u017c\u0105danie (art. 6 ust. 1 lit. b RODO).<\/li>\n<li>w razie udost\u0119pnienia przez Kandydata innych danych ni\u017c wymagane przepisami prawa \u2013<\/li>\n<\/ul>\n<p style=\"text-align: center;\">na podstawie jego zgody, w celu realizacji procesu rekrutacyjnego (art. 6 ust. 1 lit. a RODO,<\/p>\n<p style=\"text-align: center;\">a w razie udostepnienia danych szczeg\u00f3lnej kategorii, tak\u017ce art. 9 ust. 2 lit. a RODO).<\/p>\n<ul style=\"text-align: center;\">\n<li>w przypadku wyra\u017cenia dodatkowej zgody &#8211; do kontaktu z osobami wskazanymi przez kandydata jako udzielaj\u0105ce referencji (art. 6 ust. 1 lit. a RODO).<\/li>\n<li>w celu ewentualnego ustalenia, dochodzenia lub obrony przed roszczeniami (art 6 ust. 1 lit. f RODO). Przetwarzanie danych nast\u0119puje na podstawie prawnie uzasadnionego interesu Administratora.<\/li>\n<\/ul>\n<p style=\"text-align: center;\">W okre\u015blonych sytuacjach mo\u017cemy przekaza\u0107 Pani\/Pana dane osobowe. Cz\u0119sto jest to niezb\u0119dne do realizacji umowy, spe\u0142nienia obowi\u0105zku wynikaj\u0105cego z przepisu prawa. Pani\/Pana dane osobowe mo\u017cemy przekazywa\u0107 nast\u0119puj\u0105cym odbiorcom: dostawcom us\u0142ug rekrutacyjnych, podwykonawcom wsp\u00f3\u0142pracuj\u0105cym z nami, kt\u00f3rym dane powierzamy na podstawie zawartych um\u00f3w, podmiotom lub organom uprawnionym na podstawie przepis\u00f3w prawa.<\/p>\n<p style=\"text-align: center;\">Podanie danych osobowych jest dobrowolne, ale niezb\u0119dne celem wzi\u0119cia udzia\u0142u w rekrutacji.<\/p>\n<p style=\"text-align: center;\">Pani\/Pana dane osobowe b\u0119d\u0105 przetwarzane od rozpocz\u0119cia danego procesu rekrutacji\/ukazania si\u0119 og\u0142oszenia do 3 miesi\u0119cy od zako\u0144czenia procesu rekrutacji. W przypadku, gdy wyrazi Pani\/Pan zgod\u0119 na przetwarzanie danych osobowych dla cel\u00f3w przysz\u0142ych rekrutacji, dane b\u0119d\u0105 przetwarzane do odwo\u0142ania zgody, nie d\u0142u\u017cej ni\u017c przez 12 miesi\u0119cy. W zakresie, w\u00a0 jakim dane b\u0119d\u0105 przetwarzane dla realizacji naszych prawnie uzasadnionych interes\u00f3w, mog\u0105 by\u0107 one przez nas przechowywane dla cel\u00f3w ustalenia, dochodzenia lub obrony przed roszczeniami, do momentu przedawnienia tych roszcze\u0144.<\/p>\n<p style=\"text-align: center;\">W ka\u017cdym momencie mo\u017ce Pani\/Pan wycofa\u0107 zgod\u0119. Wycofanie zgody nie wp\u0142ywa na zgodno\u015b\u0107<br \/>\nz prawem przetwarzania, kt\u00f3rego dokonano na podstawie zgody przed jej wycofaniem.<\/p>\n<p style=\"text-align: center;\">Posiada Pani\/Pan prawo do \u017c\u0105dania od Administratora dost\u0119pu do swoich danych osobowych, ich sprostowania, usuni\u0119cia, ograniczenia przetwarzania danych osobowych, wniesienia skargi do Prezesa Urz\u0119du Ochrony Danych Osobowych, przenoszenia danych, a tak\u017ce wniesienia sprzeciwu wobec przetwarzania danych osobowych.<\/p>\n<p style=\"text-align: center;\">W celu wykonania powy\u017cszych uprawnie\u0144 nale\u017cy skontaktowa\u0107 si\u0119 z nami poprzez adres email: <a href=\"mailto:iod@armatis-lc.com\">iod@armatis-lc.com<\/a> lub pisemnie na adres siedziby Administratora.<\/p>\n<p style=\"text-align: center;\">Pani\/Pana dane osobowe nie podlegaj\u0105 zautomatyzowanemu podejmowaniu decyzji, w tym profilowaniu.<\/p>\n<p style=\"text-align: center;\">&#8212;&#8212;&#8212;&#8212;&#8212;&#8212;&#8212;&#8212;&#8212;&#8212;&#8212;&#8212;&#8212;&#8212;&#8212;&#8212;&#8212;&#8212;&#8212;&#8212;&#8212;&#8212;&#8212;&#8212;&#8211;<\/p>\n<p class=\"x_MsoNormal\" style=\"text-align: center;\">Informacje uzyskane za po\u015brednictwem tego formularza s\u0105 zapisane w pliku stworzonym przez Grup\u0119 armatis-lc. S\u0105 one niezb\u0119dne do zarejestrowania i przetworzenia pod wzgl\u0119dem administracyjnym kandydatur spontanicznych i kandydatur na stanowiska oferowane przez nasz\u0105 Grup\u0119. B\u0119d\u0119 one przechowywane przez okres 2 lat i udost\u0119pniane pracownikom grupy odpowiedzialnym za rekrutacj\u0119 oraz Dyrekcji ds. Zasob\u00f3w Ludzkich. Pragniemy poinformowa\u0107, \u017ce Pani\/a dane osobowe mog\u0105 zosta\u0107 przekazane partnerom wsp\u00f3\u0142pracuj\u0105cym z nimi podczas proces\u00f3w rekrutacji.<\/p>\n<p class=\"x_MsoNormal\" style=\"text-align: center;\">Nasza sp\u00f3\u0142ka zobowi\u0105zuje si\u0119 zapewni\u0107 ochron\u0119, poufno\u015b\u0107 i bezpiecze\u0144stwo danych osobowych zgodnie z obowi\u0105zuj\u0105cymi przepisami prawa francuskiego i europejskiego oraz zaleceniami wydanymi przez urz\u0105d nadzoru. Mo\u017ce Pan\/i zapozna\u0107 si\u0119 z podj\u0119tymi przez nas zobowi\u0105zaniami na naszej stronie internetowej.<\/p>\n<p style=\"text-align: center;\">Mo\u017ce Pan\/i r\u00f3wnie\u017c zwr\u00f3ci\u0107 si\u0119 o ograniczenie przetwarzania swoich danych osobowych lub wyrazi\u0107 sprzeciw, kontaktuj\u0105c si\u0119 z Inspektorem ochrony Danych (IOD) pod adresem iod@armatis-lc.com\u00a0 lub pisz\u0105c do nas na poni\u017cszy adres pocztowy:<\/p>\n<p style=\"text-align: center;\"><strong>Armatis-lc Polska Sp. z o.o.<\/strong><\/p>\n<p style=\"text-align: center;\"><strong>Ul. Cybernetyki 9<\/strong><\/p>\n<p style=\"text-align: center;\"><strong>02-677 Warszawa<\/strong><\/p>\n<p style=\"text-align: center;\">Szczeg\u00f3\u0142owe informacje o przetwarzaniu danych osobowych dost\u0119pne s\u0105 w Polityce prywatno\u015bci.<\/p>\n<p>&nbsp;<\/p>\n<p class=\"x_MsoNormal\" style=\"text-align: center;\">Ma Pan\/i r\u00f3wnie\u017c prawo do z\u0142o\u017cenia skargi w urz\u0119dzie nadzoru. Wi\u0119cej informacji na temat Pani\/a praw mo\u017cna uzyska\u0107 pod adresem:\u00a0<a title=\"http:\/\/www.giodo.gov.pl\/\" href=\"http:\/\/www.giodo.gov.pl\/\" target=\"_blank\" rel=\"noopener noreferrer\">http:\/\/www.giodo.gov.pl<\/a><\/p>\n<p style=\"text-align: center;\">\n","protected":false},"excerpt":{"rendered":"<p>&nbsp; &nbsp; Aplikuj\u0105c na stanowisko: Wyra\u017casz zgod\u0119 na przetwarzanie przez Armatis LC Polska Sp. z o. o. z siedzib\u0105 w Warszawie (02-677) przy ul. Cybernetyki 9 \u00a0danych osobowych zawartych w dokumentach aplikacyjnych w zakresie przekraczaj\u0105cym zakres okre\u015blony w przepisach prawa (art. 22 1 \u00a7 1 ustawy z dnia 26 czerwca 1974 r. Kodeks Pracy) w [&hellip;]<\/p>\n","protected":false},"author":13,"featured_media":0,"parent":0,"menu_order":0,"comment_status":"closed","ping_status":"closed","template":"","meta":{"_acf_changed":false,"footnotes":""},"class_list":["post-1057","page","type-page","status-publish","hentry"],"acf":[],"yoast_head":"<!-- This site is optimized with the Yoast SEO plugin v26.1.1 - https:\/\/yoast.com\/wordpress\/plugins\/seo\/ -->\n<title>Klikaj\u0105c &quot;Aplikuj&quot; wyra\u017casz zgod\u0119 na przetwarzenie danych osobowych - Armatis<\/title>\n<meta name=\"robots\" content=\"index, follow, max-snippet:-1, max-image-preview:large, max-video-preview:-1\" \/>\n<link rel=\"canonical\" href=\"https:\/\/emploi.armatis.com\/pl\/klikajac-aplikuj-wyrazasz-zgode-na-przetwarzenie-danych-osobowych\/\" \/>\n<meta property=\"og:locale\" content=\"pl_PL\" \/>\n<meta property=\"og:type\" content=\"article\" \/>\n<meta property=\"og:title\" content=\"Klikaj\u0105c &quot;Aplikuj&quot; wyra\u017casz zgod\u0119 na przetwarzenie danych osobowych - Armatis\" \/>\n<meta property=\"og:description\" content=\"&nbsp; &nbsp; Aplikuj\u0105c na stanowisko: Wyra\u017casz zgod\u0119 na przetwarzanie przez Armatis LC Polska Sp. z o. o. z siedzib\u0105 w Warszawie (02-677) przy ul. Cybernetyki 9 \u00a0danych osobowych zawartych w dokumentach aplikacyjnych w zakresie przekraczaj\u0105cym zakres okre\u015blony w przepisach prawa (art. 22 1 \u00a7 1 ustawy z dnia 26 czerwca 1974 r. Kodeks Pracy) w [&hellip;]\" \/>\n<meta property=\"og:url\" content=\"https:\/\/emploi.armatis.com\/pl\/klikajac-aplikuj-wyrazasz-zgode-na-przetwarzenie-danych-osobowych\/\" \/>\n<meta property=\"og:site_name\" content=\"Armatis\" \/>\n<meta property=\"article:modified_time\" content=\"2020-12-15T10:36:16+00:00\" \/>\n<meta name=\"twitter:card\" content=\"summary_large_image\" \/>\n<meta name=\"twitter:label1\" content=\"Szacowany czas czytania\" \/>\n\t<meta name=\"twitter:data1\" content=\"5 minut\" \/>\n<script type=\"application\/ld+json\" class=\"yoast-schema-graph\">{\"@context\":\"https:\/\/schema.org\",\"@graph\":[{\"@type\":\"WebPage\",\"@id\":\"https:\/\/emploi.armatis.com\/pl\/klikajac-aplikuj-wyrazasz-zgode-na-przetwarzenie-danych-osobowych\/\",\"url\":\"https:\/\/emploi.armatis.com\/pl\/klikajac-aplikuj-wyrazasz-zgode-na-przetwarzenie-danych-osobowych\/\",\"name\":\"Klikaj\u0105c \\\"Aplikuj\\\" wyra\u017casz zgod\u0119 na przetwarzenie danych osobowych - Armatis\",\"isPartOf\":{\"@id\":\"https:\/\/emploi.armatis.com\/pl\/#website\"},\"datePublished\":\"2020-10-20T15:11:39+00:00\",\"dateModified\":\"2020-12-15T10:36:16+00:00\",\"breadcrumb\":{\"@id\":\"https:\/\/emploi.armatis.com\/pl\/klikajac-aplikuj-wyrazasz-zgode-na-przetwarzenie-danych-osobowych\/#breadcrumb\"},\"inLanguage\":\"pl-PL\",\"potentialAction\":[{\"@type\":\"ReadAction\",\"target\":[\"https:\/\/emploi.armatis.com\/pl\/klikajac-aplikuj-wyrazasz-zgode-na-przetwarzenie-danych-osobowych\/\"]}]},{\"@type\":\"BreadcrumbList\",\"@id\":\"https:\/\/emploi.armatis.com\/pl\/klikajac-aplikuj-wyrazasz-zgode-na-przetwarzenie-danych-osobowych\/#breadcrumb\",\"itemListElement\":[{\"@type\":\"ListItem\",\"position\":1,\"name\":\"Home\",\"item\":\"https:\/\/emploi.armatis.com\/pl\/\"},{\"@type\":\"ListItem\",\"position\":2,\"name\":\"Klikaj\u0105c &#8222;Aplikuj&#8221; wyra\u017casz zgod\u0119 na przetwarzenie danych osobowych\"}]},{\"@type\":\"WebSite\",\"@id\":\"https:\/\/emploi.armatis.com\/pl\/#website\",\"url\":\"https:\/\/emploi.armatis.com\/pl\/\",\"name\":\"Armatis\",\"description\":\"\",\"publisher\":{\"@id\":\"https:\/\/emploi.armatis.com\/pl\/#organization\"},\"potentialAction\":[{\"@type\":\"SearchAction\",\"target\":{\"@type\":\"EntryPoint\",\"urlTemplate\":\"https:\/\/emploi.armatis.com\/pl\/?s={search_term_string}\"},\"query-input\":{\"@type\":\"PropertyValueSpecification\",\"valueRequired\":true,\"valueName\":\"search_term_string\"}}],\"inLanguage\":\"pl-PL\"},{\"@type\":\"Organization\",\"@id\":\"https:\/\/emploi.armatis.com\/pl\/#organization\",\"name\":\"Armatis\",\"url\":\"https:\/\/emploi.armatis.com\/pl\/\",\"logo\":{\"@type\":\"ImageObject\",\"inLanguage\":\"pl-PL\",\"@id\":\"https:\/\/emploi.armatis.com\/pl\/#\/schema\/logo\/image\/\",\"url\":\"https:\/\/emploi.armatis.com\/wp-content\/uploads\/2025\/07\/cropped-Logo-Armatis-ss-Baseline-Blanc-point-aqua-Copie-scaled-1.png\",\"contentUrl\":\"https:\/\/emploi.armatis.com\/wp-content\/uploads\/2025\/07\/cropped-Logo-Armatis-ss-Baseline-Blanc-point-aqua-Copie-scaled-1.png\",\"width\":2560,\"height\":393,\"caption\":\"Armatis\"},\"image\":{\"@id\":\"https:\/\/emploi.armatis.com\/pl\/#\/schema\/logo\/image\/\"}}]}<\/script>\n<!-- \/ Yoast SEO plugin. -->","yoast_head_json":{"title":"Klikaj\u0105c \"Aplikuj\" wyra\u017casz zgod\u0119 na przetwarzenie danych osobowych - Armatis","robots":{"index":"index","follow":"follow","max-snippet":"max-snippet:-1","max-image-preview":"max-image-preview:large","max-video-preview":"max-video-preview:-1"},"canonical":"https:\/\/emploi.armatis.com\/pl\/klikajac-aplikuj-wyrazasz-zgode-na-przetwarzenie-danych-osobowych\/","og_locale":"pl_PL","og_type":"article","og_title":"Klikaj\u0105c \"Aplikuj\" wyra\u017casz zgod\u0119 na przetwarzenie danych osobowych - Armatis","og_description":"&nbsp; &nbsp; Aplikuj\u0105c na stanowisko: Wyra\u017casz zgod\u0119 na przetwarzanie przez Armatis LC Polska Sp. z o. o. z siedzib\u0105 w Warszawie (02-677) przy ul. Cybernetyki 9 \u00a0danych osobowych zawartych w dokumentach aplikacyjnych w zakresie przekraczaj\u0105cym zakres okre\u015blony w przepisach prawa (art. 22 1 \u00a7 1 ustawy z dnia 26 czerwca 1974 r. Kodeks Pracy) w [&hellip;]","og_url":"https:\/\/emploi.armatis.com\/pl\/klikajac-aplikuj-wyrazasz-zgode-na-przetwarzenie-danych-osobowych\/","og_site_name":"Armatis","article_modified_time":"2020-12-15T10:36:16+00:00","twitter_card":"summary_large_image","twitter_misc":{"Szacowany czas czytania":"5 minut"},"schema":{"@context":"https:\/\/schema.org","@graph":[{"@type":"WebPage","@id":"https:\/\/emploi.armatis.com\/pl\/klikajac-aplikuj-wyrazasz-zgode-na-przetwarzenie-danych-osobowych\/","url":"https:\/\/emploi.armatis.com\/pl\/klikajac-aplikuj-wyrazasz-zgode-na-przetwarzenie-danych-osobowych\/","name":"Klikaj\u0105c \"Aplikuj\" wyra\u017casz zgod\u0119 na przetwarzenie danych osobowych - Armatis","isPartOf":{"@id":"https:\/\/emploi.armatis.com\/pl\/#website"},"datePublished":"2020-10-20T15:11:39+00:00","dateModified":"2020-12-15T10:36:16+00:00","breadcrumb":{"@id":"https:\/\/emploi.armatis.com\/pl\/klikajac-aplikuj-wyrazasz-zgode-na-przetwarzenie-danych-osobowych\/#breadcrumb"},"inLanguage":"pl-PL","potentialAction":[{"@type":"ReadAction","target":["https:\/\/emploi.armatis.com\/pl\/klikajac-aplikuj-wyrazasz-zgode-na-przetwarzenie-danych-osobowych\/"]}]},{"@type":"BreadcrumbList","@id":"https:\/\/emploi.armatis.com\/pl\/klikajac-aplikuj-wyrazasz-zgode-na-przetwarzenie-danych-osobowych\/#breadcrumb","itemListElement":[{"@type":"ListItem","position":1,"name":"Home","item":"https:\/\/emploi.armatis.com\/pl\/"},{"@type":"ListItem","position":2,"name":"Klikaj\u0105c &#8222;Aplikuj&#8221; wyra\u017casz zgod\u0119 na przetwarzenie danych osobowych"}]},{"@type":"WebSite","@id":"https:\/\/emploi.armatis.com\/pl\/#website","url":"https:\/\/emploi.armatis.com\/pl\/","name":"Armatis","description":"","publisher":{"@id":"https:\/\/emploi.armatis.com\/pl\/#organization"},"potentialAction":[{"@type":"SearchAction","target":{"@type":"EntryPoint","urlTemplate":"https:\/\/emploi.armatis.com\/pl\/?s={search_term_string}"},"query-input":{"@type":"PropertyValueSpecification","valueRequired":true,"valueName":"search_term_string"}}],"inLanguage":"pl-PL"},{"@type":"Organization","@id":"https:\/\/emploi.armatis.com\/pl\/#organization","name":"Armatis","url":"https:\/\/emploi.armatis.com\/pl\/","logo":{"@type":"ImageObject","inLanguage":"pl-PL","@id":"https:\/\/emploi.armatis.com\/pl\/#\/schema\/logo\/image\/","url":"https:\/\/emploi.armatis.com\/wp-content\/uploads\/2025\/07\/cropped-Logo-Armatis-ss-Baseline-Blanc-point-aqua-Copie-scaled-1.png","contentUrl":"https:\/\/emploi.armatis.com\/wp-content\/uploads\/2025\/07\/cropped-Logo-Armatis-ss-Baseline-Blanc-point-aqua-Copie-scaled-1.png","width":2560,"height":393,"caption":"Armatis"},"image":{"@id":"https:\/\/emploi.armatis.com\/pl\/#\/schema\/logo\/image\/"}}]}},"_links":{"self":[{"href":"https:\/\/emploi.armatis.com\/pl\/wp-json\/wp\/v2\/pages\/1057","targetHints":{"allow":["GET"]}}],"collection":[{"href":"https:\/\/emploi.armatis.com\/pl\/wp-json\/wp\/v2\/pages"}],"about":[{"href":"https:\/\/emploi.armatis.com\/pl\/wp-json\/wp\/v2\/types\/page"}],"author":[{"embeddable":true,"href":"https:\/\/emploi.armatis.com\/pl\/wp-json\/wp\/v2\/users\/13"}],"replies":[{"embeddable":true,"href":"https:\/\/emploi.armatis.com\/pl\/wp-json\/wp\/v2\/comments?post=1057"}],"version-history":[{"count":0,"href":"https:\/\/emploi.armatis.com\/pl\/wp-json\/wp\/v2\/pages\/1057\/revisions"}],"wp:attachment":[{"href":"https:\/\/emploi.armatis.com\/pl\/wp-json\/wp\/v2\/media?parent=1057"}],"curies":[{"name":"wp","href":"https:\/\/api.w.org\/{rel}","templated":true}]}}